{"id":43,"date":"2015-04-14T09:39:17","date_gmt":"2015-04-14T08:39:17","guid":{"rendered":"http:\/\/www.valerietassi.com\/?page_id=43"},"modified":"2024-01-12T15:13:39","modified_gmt":"2024-01-12T14:13:39","slug":"organisation-evenements","status":"publish","type":"page","link":"https:\/\/www.valerietassi.com\/fr\/","title":{"rendered":"Accueil"},"content":{"rendered":"<p>Du projet \u00e0 la r\u00e9alisation, Val\u00e9rie Tassi Events se charge de piloter toute l\u2019organisation et la mise en sc\u00e8ne de votre \u00e9v\u00e9nement pour r\u00e9pondre de fa\u00e7on optimale \u00e0 vos objectifs.<\/p>\n<p><u>Nos services et comp\u00e9tences concernent&nbsp;:<\/u><\/p>\n<ul>\n<li>les <a href=\"http:\/\/www.valerietassi.com\/?page_id=11\">ENTREPRISES<\/a> qui recherchent qualit\u00e9 et pertinence pour leurs \u00e9v\u00e9nements internes ou institutionnels (s\u00e9minaire, incentive, congr\u00e8s, salon, lancement de produit, inauguration, etc.)<\/li>\n<li>les <a href=\"http:\/\/www.valerietassi.com\/?page_id=15\">AGENCES<\/a> qui souhaitent d\u00e9l\u00e9guer, en toute s\u00e9r\u00e9nit\u00e9, tout ou partie de leurs dossiers sur la C\u00f4te d\u2019Azur (un relais local ayant une parfaite connaissance des lieux et des prestataires locaux)<\/li>\n<li>les <a href=\"http:\/\/www.valerietassi.com\/?page_id=17\">PARTICULIERS<\/a> qui veulent garder un souvenir inoubliable de leurs \u00e9v\u00e9nements priv\u00e9s (c\u00e9l\u00e9brations, mariages, anniversaires, etc.)<\/li>\n<\/ul>\n<p>Plus de 10 ans d\u2019existence pour Val\u00e9rie Tassi Events et plus de 20 ans d\u2019exp\u00e9rience pour sa fondatrice\u2026 et toujours autant de curiosit\u00e9, d\u2019enthousiasme, de cr\u00e9ativit\u00e9 pour accompagner ses clients dans la concr\u00e9tisation de leurs projets&nbsp;!<\/p>\n<p>Chaque \u00e9v\u00e9nement r\u00e9alis\u00e9 par VTE est l\u2019aboutissement d\u2019une recherche intransigeante de qualit\u00e9, d\u2019originalit\u00e9 et d\u2019un savoir-faire \u00e9prouv\u00e9, tout en n\u00e9gociant les meilleurs prix.<\/p>\n<p><strong>Notre credo&nbsp;: l\u2019Excellence&nbsp;! <\/strong><\/p>\n<p><strong><span style=\"color: #eb6e07;\"><em>\u00ab&nbsp;Il faut toujours viser la lune, car m\u00eame en cas d\u2019\u00e9chec, on atterrit dans les \u00e9toiles&nbsp;\u00bb, Oscar Wilde.<\/em><\/span><\/strong><\/p>\n<p>&nbsp;<\/p>\n","protected":false},"excerpt":{"rendered":"Du projet \u00e0 la r\u00e9alisation, Val\u00e9rie Tassi Events se charge de piloter toute l\u2019organisation et la mise en sc\u00e8ne de votre \u00e9v\u00e9nement pour r\u00e9pondre de fa\u00e7on optimale \u00e0 vos objectifs. Nos services et comp\u00e9tences concernent&nbsp;: les ENTREPRISES qui recherchent qualit\u00e9 et pertinence pour leurs \u00e9v\u00e9nements internes ou institutionnels (s\u00e9minaire, incentive, congr\u00e8s, salon, lancement de produit,&#8230; <a class=\"view-article\" href=\"https:\/\/www.valerietassi.com\/fr\/\">Voir l&rsquo;article<\/a>","protected":false},"author":1,"featured_media":0,"parent":0,"menu_order":0,"comment_status":"open","ping_status":"open","template":"","meta":{"footnotes":""},"_links":{"self":[{"href":"https:\/\/www.valerietassi.com\/fr\/wp-json\/wp\/v2\/pages\/43"}],"collection":[{"href":"https:\/\/www.valerietassi.com\/fr\/wp-json\/wp\/v2\/pages"}],"about":[{"href":"https:\/\/www.valerietassi.com\/fr\/wp-json\/wp\/v2\/types\/page"}],"author":[{"embeddable":true,"href":"https:\/\/www.valerietassi.com\/fr\/wp-json\/wp\/v2\/users\/1"}],"replies":[{"embeddable":true,"href":"https:\/\/www.valerietassi.com\/fr\/wp-json\/wp\/v2\/comments?post=43"}],"version-history":[{"count":24,"href":"https:\/\/www.valerietassi.com\/fr\/wp-json\/wp\/v2\/pages\/43\/revisions"}],"predecessor-version":[{"id":693,"href":"https:\/\/www.valerietassi.com\/fr\/wp-json\/wp\/v2\/pages\/43\/revisions\/693"}],"wp:attachment":[{"href":"https:\/\/www.valerietassi.com\/fr\/wp-json\/wp\/v2\/media?parent=43"}],"curies":[{"name":"wp","href":"https:\/\/api.w.org\/{rel}","templated":true}]}}